{"id":18,"date":"2011-04-09T18:56:38","date_gmt":"2011-04-09T18:56:38","guid":{"rendered":"http:\/\/lavanderiaplaza.com\/web\/?page_id=18"},"modified":"2015-07-07T09:35:02","modified_gmt":"2015-07-07T09:35:02","slug":"contacto","status":"publish","type":"page","link":"http:\/\/lavanderiaplaza.com\/web\/?page_id=18","title":{"rendered":"Contacto"},"content":{"rendered":"<p>Si desea informaci\u00f3n adicional sobre nuestros servicios o quiere ponerse en contacto con nosotros para cualquier aclaraci\u00f3n, complete el siguiente formulario y nos pondremos en contacto con usted lo antes posible.<\/p>\n<p>Tel: 950 142 888<br \/>\nFax: 950 141 143<\/p>\n<p>E-Mail:<a href=\"mailto:lavanderiaplaza@gmail.com\"> lavanderiaplaza@gmail.com<\/a><\/p>\n\n<div class=\"wpcf7 no-js\" id=\"wpcf7-f41-o1\" lang=\"en-US\" dir=\"ltr\" data-wpcf7-id=\"41\">\n<div class=\"screen-reader-response\"><p role=\"status\" aria-live=\"polite\" aria-atomic=\"true\"><\/p> <ul><\/ul><\/div>\n<form action=\"\/web\/index.php?rest_route=%2Fwp%2Fv2%2Fpages%2F18#wpcf7-f41-o1\" method=\"post\" class=\"wpcf7-form init\" aria-label=\"Contact form\" novalidate=\"novalidate\" data-status=\"init\">\n<fieldset class=\"hidden-fields-container\"><input type=\"hidden\" name=\"_wpcf7\" value=\"41\" \/><input type=\"hidden\" name=\"_wpcf7_version\" value=\"6.1.5\" \/><input type=\"hidden\" name=\"_wpcf7_locale\" value=\"en_US\" \/><input type=\"hidden\" name=\"_wpcf7_unit_tag\" value=\"wpcf7-f41-o1\" \/><input type=\"hidden\" name=\"_wpcf7_container_post\" value=\"0\" \/><input type=\"hidden\" name=\"_wpcf7_posted_data_hash\" value=\"\" \/>\n<\/fieldset>\n<p>Nombre y apellidos *\n<\/p>\n<p><span class=\"wpcf7-form-control-wrap\" data-name=\"your-name\"><input size=\"40\" maxlength=\"400\" class=\"wpcf7-form-control wpcf7-text wpcf7-validates-as-required\" aria-required=\"true\" aria-invalid=\"false\" value=\"\" type=\"text\" name=\"your-name\" \/><\/span>\n<\/p>\n<p>Email *\n<\/p>\n<p><span class=\"wpcf7-form-control-wrap\" data-name=\"your-email\"><input size=\"40\" maxlength=\"400\" class=\"wpcf7-form-control wpcf7-email wpcf7-validates-as-required wpcf7-text wpcf7-validates-as-email\" aria-required=\"true\" aria-invalid=\"false\" value=\"\" type=\"email\" name=\"your-email\" \/><\/span>\n<\/p>\n<p>Tel\u00e9fono *<span class=\"wpcf7-form-control-wrap\" data-name=\"tel-298\"><input size=\"40\" maxlength=\"400\" class=\"wpcf7-form-control wpcf7-tel wpcf7-validates-as-required wpcf7-text wpcf7-validates-as-tel\" aria-required=\"true\" aria-invalid=\"false\" value=\"\" type=\"tel\" name=\"tel-298\" \/><\/span>\n<\/p>\n<p>Mensaje\n<\/p>\n<p><span class=\"wpcf7-form-control-wrap\" data-name=\"your-message\"><textarea cols=\"40\" rows=\"10\" maxlength=\"2000\" class=\"wpcf7-form-control wpcf7-textarea\" aria-invalid=\"false\" name=\"your-message\"><\/textarea><\/span>\n<\/p>\n<p><span class=\"wpcf7-form-control-wrap\" data-name=\"acceptance-924\"><span class=\"wpcf7-form-control wpcf7-acceptance\"><span class=\"wpcf7-list-item\"><label><input type=\"checkbox\" name=\"acceptance-924\" value=\"1\" aria-invalid=\"false\" \/><span class=\"wpcf7-list-item-label\">Para continuar debe aceptar que ha le\u00eddo y est\u00e1 conforme con la cl\u00e1usula abajo descrita.<\/span><\/label><\/span><\/span><\/span>\n<\/p>\n<p><input class=\"wpcf7-form-control wpcf7-submit has-spinner\" type=\"submit\" value=\"Enviar\" \/>\n<\/p>\n<p><small>CONSENTIMIENTO PARA EL TRATAMIENTO DE DATOS PERSONALES<br \/>\nLAVANDERIA PLAZA ALMER\u00cdA, S.L. es el Responsable del tratamiento de los datos personales del<br \/>\nUsuario y le informa de que estos datos se tratar\u00e1n de conformidad con lo dispuesto en el Reglamento<br \/>\n(UE) 2016\/679, de 27 de abril (GDPR), y la Ley Org\u00e1nica 3\/2018, de 5 de diciembre (LOPDGDD), por<br \/>\nlo que se le facilita la siguiente informaci\u00f3n del tratamiento:<br \/>\nFines y legitimaci\u00f3n del tratamiento: mantener una relaci\u00f3n comercial (por inter\u00e9s leg\u00edtimo del<br \/>\nresponsable, art. 6.1.f GDPR) y env\u00edo de comunicaciones de productos o servicios (con el<br \/>\nconsentimiento del interesado, art. 6.1.a GDPR).<br \/>\nCriterios de conservaci\u00f3n de los datos: se conservar\u00e1n durante no m\u00e1s tiempo del necesario para<br \/>\nmantener el fin del tratamiento o existan prescripciones legales que dictaminen su custodia y cuando<br \/>\nya no sea necesario para ello, se suprimir\u00e1n con medidas de seguridad adecuadas para garantizar la<br \/>\nanonimizaci\u00f3n de los datos o la destrucci\u00f3n total de los mismos.<br \/>\nComunicaci\u00f3n de los datos: no se comunicar\u00e1n los datos a terceros, salvo obligaci\u00f3n legal.<br \/>\nDerechos que asisten al Usuario:<br \/>\n- Derecho a retirar el consentimiento en cualquier momento.<br \/>\n- Derecho de acceso, rectificaci\u00f3n, portabilidad y supresi\u00f3n de sus datos, y de limitaci\u00f3n u oposici\u00f3n a<br \/>\nsu tratamiento.<br \/>\n- Derecho a presentar una reclamaci\u00f3n ante la Autoridad de control (www.aepd.es) si considera que el<br \/>\ntratamiento no se ajusta a la normativa vigente.<br \/>\nDatos de contacto para ejercer sus derechos:<br \/>\nLAVANDERIA PLAZA ALMER\u00cdA, S.L.. POL. IND. SAN RAFAEL, C\/ ESPERANZA, 27-29-31 - 04230<br \/>\nHUERCAL DE ALMER\u00cdA (Almer\u00eda). E-mail: <a href=\"mailto:lavanderiaplaza@gmail.com\">lavanderiaplaza@gmail.com<\/a><\/small>\n<\/p><p style=\"display: none !important;\" class=\"akismet-fields-container\" data-prefix=\"_wpcf7_ak_\"><label>&#916;<textarea name=\"_wpcf7_ak_hp_textarea\" cols=\"45\" rows=\"8\" maxlength=\"100\"><\/textarea><\/label><input type=\"hidden\" id=\"ak_js_1\" name=\"_wpcf7_ak_js\" value=\"208\"\/><script type=\"text\/javascript\">\n\/* <![CDATA[ *\/\ndocument.getElementById( \"ak_js_1\" ).setAttribute( \"value\", ( new Date() ).getTime() );\n\/* ]]> *\/\n<\/script>\n<\/p><div class=\"wpcf7-response-output\" aria-hidden=\"true\"><\/div>\n<\/form>\n<\/div>\n\n","protected":false},"excerpt":{"rendered":"<p>Si desea informaci\u00f3n adicional sobre nuestros servicios o quiere ponerse en contacto con nosotros para cualquier aclaraci\u00f3n, complete el siguiente formulario y nos pondremos en contacto con usted lo antes posible. Tel: 950 142 888 Fax: 950 141 143 E-Mail: lavanderiaplaza@gmail.com<\/p>\n","protected":false},"author":1,"featured_media":0,"parent":0,"menu_order":3,"comment_status":"closed","ping_status":"closed","template":"","meta":{"footnotes":""},"class_list":["post-18","page","type-page","status-publish","hentry"],"_links":{"self":[{"href":"http:\/\/lavanderiaplaza.com\/web\/index.php?rest_route=\/wp\/v2\/pages\/18","targetHints":{"allow":["GET"]}}],"collection":[{"href":"http:\/\/lavanderiaplaza.com\/web\/index.php?rest_route=\/wp\/v2\/pages"}],"about":[{"href":"http:\/\/lavanderiaplaza.com\/web\/index.php?rest_route=\/wp\/v2\/types\/page"}],"author":[{"embeddable":true,"href":"http:\/\/lavanderiaplaza.com\/web\/index.php?rest_route=\/wp\/v2\/users\/1"}],"replies":[{"embeddable":true,"href":"http:\/\/lavanderiaplaza.com\/web\/index.php?rest_route=%2Fwp%2Fv2%2Fcomments&post=18"}],"version-history":[{"count":3,"href":"http:\/\/lavanderiaplaza.com\/web\/index.php?rest_route=\/wp\/v2\/pages\/18\/revisions"}],"predecessor-version":[{"id":43,"href":"http:\/\/lavanderiaplaza.com\/web\/index.php?rest_route=\/wp\/v2\/pages\/18\/revisions\/43"}],"wp:attachment":[{"href":"http:\/\/lavanderiaplaza.com\/web\/index.php?rest_route=%2Fwp%2Fv2%2Fmedia&parent=18"}],"curies":[{"name":"wp","href":"https:\/\/api.w.org\/{rel}","templated":true}]}}